{"id":1486,"date":"2017-02-06T21:07:39","date_gmt":"2017-02-06T19:07:39","guid":{"rendered":"https:\/\/www.noemie-sanson.fr\/?page_id=1486"},"modified":"2024-03-08T12:26:43","modified_gmt":"2024-03-08T10:26:43","slug":"la-presse-en-parle","status":"publish","type":"page","link":"https:\/\/www.noemie-sanson.fr\/?page_id=1486","title":{"rendered":"La Presse en Parle"},"content":{"rendered":"<div class=\"wp-block-image is-style-default\">\n<figure class=\"aligncenter\"><img loading=\"lazy\" decoding=\"async\" width=\"300\" height=\"369\" src=\"https:\/\/www.noemie-sanson.fr\/wordpress\/wp-content\/uploads\/2024\/02\/LeMLibrepetit.png\" alt=\"\" class=\"wp-image-3791\" srcset=\"https:\/\/www.noemie-sanson.fr\/wordpress\/wp-content\/uploads\/2024\/02\/LeMLibrepetit.png 300w, https:\/\/www.noemie-sanson.fr\/wordpress\/wp-content\/uploads\/2024\/02\/LeMLibrepetit-244x300.png 244w\" sizes=\"auto, (max-width: 300px) 100vw, 300px\" \/><\/figure>\n<\/div>\n\n\n<h2 class=\"wp-block-heading has-text-align-right has-small-font-size\">Le Maine Libre, Mardi 27 f\u00e9vrier 2024<\/h2>\n\n\n\n<h2 class=\"wp-block-heading\"><\/h2>\n\n\n<div class=\"wp-block-image\">\n<figure class=\"aligncenter size-full\"><a href=\"https:\/\/www.noemie-sanson.fr\/wordpress\/wp-content\/uploads\/2024\/02\/article-2.png\"><img loading=\"lazy\" decoding=\"async\" width=\"563\" height=\"314\" src=\"https:\/\/www.noemie-sanson.fr\/wordpress\/wp-content\/uploads\/2024\/02\/article-2.png\" alt=\"\" class=\"wp-image-3695\" srcset=\"https:\/\/www.noemie-sanson.fr\/wordpress\/wp-content\/uploads\/2024\/02\/article-2.png 563w, https:\/\/www.noemie-sanson.fr\/wordpress\/wp-content\/uploads\/2024\/02\/article-2-300x167.png 300w\" sizes=\"auto, (max-width: 563px) 100vw, 563px\" \/><\/a><\/figure>\n<\/div>\n\n\n<figure class=\"wp-block-embed is-type-video is-provider-youtube wp-block-embed-youtube wp-embed-aspect-16-9 wp-has-aspect-ratio\"><div class=\"wp-block-embed__wrapper\">\n<iframe loading=\"lazy\" title=\"L&#039;infiltr\u00e9e du dimanche - Initiation au conte et \u00e0 l&#039;oralit\u00e9 \u00e0 Saint Ulphace (07.05.2023 - Partie 3)\" width=\"640\" height=\"360\" src=\"https:\/\/www.youtube.com\/embed\/1MW8rLIrS-I?feature=oembed\" frameborder=\"0\" allow=\"accelerometer; autoplay; clipboard-write; encrypted-media; gyroscope; picture-in-picture; web-share\" referrerpolicy=\"strict-origin-when-cross-origin\" allowfullscreen><\/iframe>\n<\/div><\/figure>\n\n\n<div class=\"wp-block-image\">\n<figure class=\"aligncenter size-full\"><a href=\"https:\/\/www.noemie-sanson.fr\/wordpress\/wp-content\/uploads\/2024\/02\/articleLaPernelle.jpg\"><img loading=\"lazy\" decoding=\"async\" width=\"344\" height=\"521\" src=\"https:\/\/www.noemie-sanson.fr\/wordpress\/wp-content\/uploads\/2024\/02\/articleLaPernelle.jpg\" alt=\"\" class=\"wp-image-3698\" srcset=\"https:\/\/www.noemie-sanson.fr\/wordpress\/wp-content\/uploads\/2024\/02\/articleLaPernelle.jpg 344w, https:\/\/www.noemie-sanson.fr\/wordpress\/wp-content\/uploads\/2024\/02\/articleLaPernelle-198x300.jpg 198w\" sizes=\"auto, (max-width: 344px) 100vw, 344px\" \/><\/a><\/figure>\n<\/div>\n\n\n<figure class=\"wp-block-image size-large\"><a href=\"https:\/\/www.noemie-sanson.fr\/wordpress\/wp-content\/uploads\/2022\/11\/Courrier-de-Mantes-du-2-novembre-2022-page-001-1.jpg\"><img loading=\"lazy\" decoding=\"async\" width=\"661\" height=\"1024\" src=\"https:\/\/www.noemie-sanson.fr\/wordpress\/wp-content\/uploads\/2022\/11\/Courrier-de-Mantes-du-2-novembre-2022-page-001-1-661x1024.jpg\" alt=\"\" class=\"wp-image-3444\"\/><\/a><\/figure>\n\n\n\n<figure class=\"wp-block-image size-large\"><img loading=\"lazy\" decoding=\"async\" width=\"872\" height=\"1024\" src=\"https:\/\/www.noemie-sanson.fr\/wordpress\/wp-content\/uploads\/2020\/11\/BFD8F5B1-B5FC-47BA-B458-E4A5FF96F0C4-872x1024.jpeg\" alt=\"\" class=\"wp-image-2758\" srcset=\"https:\/\/www.noemie-sanson.fr\/wordpress\/wp-content\/uploads\/2020\/11\/BFD8F5B1-B5FC-47BA-B458-E4A5FF96F0C4-872x1024.jpeg 872w, https:\/\/www.noemie-sanson.fr\/wordpress\/wp-content\/uploads\/2020\/11\/BFD8F5B1-B5FC-47BA-B458-E4A5FF96F0C4-255x300.jpeg 255w, https:\/\/www.noemie-sanson.fr\/wordpress\/wp-content\/uploads\/2020\/11\/BFD8F5B1-B5FC-47BA-B458-E4A5FF96F0C4-768x902.jpeg 768w, https:\/\/www.noemie-sanson.fr\/wordpress\/wp-content\/uploads\/2020\/11\/BFD8F5B1-B5FC-47BA-B458-E4A5FF96F0C4-1308x1536.jpeg 1308w, https:\/\/www.noemie-sanson.fr\/wordpress\/wp-content\/uploads\/2020\/11\/BFD8F5B1-B5FC-47BA-B458-E4A5FF96F0C4.jpeg 1744w\" sizes=\"auto, (max-width: 872px) 100vw, 872px\" \/><\/figure>\n\n\n\n<figure class=\"wp-block-image size-large\"><img loading=\"lazy\" decoding=\"async\" width=\"723\" height=\"1024\" src=\"https:\/\/www.noemie-sanson.fr\/wordpress\/wp-content\/uploads\/2020\/11\/Manchelibre-723x1024.jpg\" alt=\"\" class=\"wp-image-2757\" srcset=\"https:\/\/www.noemie-sanson.fr\/wordpress\/wp-content\/uploads\/2020\/11\/Manchelibre-723x1024.jpg 723w, https:\/\/www.noemie-sanson.fr\/wordpress\/wp-content\/uploads\/2020\/11\/Manchelibre-212x300.jpg 212w, https:\/\/www.noemie-sanson.fr\/wordpress\/wp-content\/uploads\/2020\/11\/Manchelibre-768x1087.jpg 768w, https:\/\/www.noemie-sanson.fr\/wordpress\/wp-content\/uploads\/2020\/11\/Manchelibre-1085x1536.jpg 1085w, https:\/\/www.noemie-sanson.fr\/wordpress\/wp-content\/uploads\/2020\/11\/Manchelibre.jpg 1239w\" sizes=\"auto, (max-width: 723px) 100vw, 723px\" \/><\/figure>\n\n\n\n<figure class=\"wp-block-image size-large\"><img loading=\"lazy\" decoding=\"async\" width=\"723\" height=\"1024\" src=\"https:\/\/www.noemie-sanson.fr\/wordpress\/wp-content\/uploads\/2020\/11\/Regneville-sur-Mer.-Une-conteuse-et-une-musicienne-en-residence-page-001-723x1024.jpg\" alt=\"\" class=\"wp-image-2759\" srcset=\"https:\/\/www.noemie-sanson.fr\/wordpress\/wp-content\/uploads\/2020\/11\/Regneville-sur-Mer.-Une-conteuse-et-une-musicienne-en-residence-page-001-723x1024.jpg 723w, https:\/\/www.noemie-sanson.fr\/wordpress\/wp-content\/uploads\/2020\/11\/Regneville-sur-Mer.-Une-conteuse-et-une-musicienne-en-residence-page-001-212x300.jpg 212w, https:\/\/www.noemie-sanson.fr\/wordpress\/wp-content\/uploads\/2020\/11\/Regneville-sur-Mer.-Une-conteuse-et-une-musicienne-en-residence-page-001-768x1087.jpg 768w, https:\/\/www.noemie-sanson.fr\/wordpress\/wp-content\/uploads\/2020\/11\/Regneville-sur-Mer.-Une-conteuse-et-une-musicienne-en-residence-page-001-1085x1536.jpg 1085w, https:\/\/www.noemie-sanson.fr\/wordpress\/wp-content\/uploads\/2020\/11\/Regneville-sur-Mer.-Une-conteuse-et-une-musicienne-en-residence-page-001.jpg 1239w\" sizes=\"auto, (max-width: 723px) 100vw, 723px\" \/><\/figure>\n\n\n\n<figure class=\"wp-block-image size-large\"><img decoding=\"async\" src=\"https:\/\/www.noemie-sanson.fr\/wordpress\/wp-content\/uploads\/2020\/11\/article-Le-Perche-page-001.jpg\" alt=\"\" class=\"wp-image-2754\"\/><\/figure>\n\n\n\n<figure class=\"wp-block-image size-large\"><img loading=\"lazy\" decoding=\"async\" width=\"960\" height=\"502\" src=\"https:\/\/www.noemie-sanson.fr\/wordpress\/wp-content\/uploads\/2020\/11\/article-presse.jpg\" alt=\"\" class=\"wp-image-2756\" srcset=\"https:\/\/www.noemie-sanson.fr\/wordpress\/wp-content\/uploads\/2020\/11\/article-presse.jpg 960w, https:\/\/www.noemie-sanson.fr\/wordpress\/wp-content\/uploads\/2020\/11\/article-presse-300x157.jpg 300w, https:\/\/www.noemie-sanson.fr\/wordpress\/wp-content\/uploads\/2020\/11\/article-presse-768x402.jpg 768w\" sizes=\"auto, (max-width: 960px) 100vw, 960px\" \/><\/figure>\n\n\n\n<figure class=\"wp-block-image size-large\"><img loading=\"lazy\" decoding=\"async\" width=\"791\" height=\"1024\" src=\"https:\/\/www.noemie-sanson.fr\/wordpress\/wp-content\/uploads\/2020\/11\/Les-balades-sont-belles-avec-des-contes-La-Bazoche-Gouet-28330-page-001-791x1024.jpg\" alt=\"\" class=\"wp-image-2755\" srcset=\"https:\/\/www.noemie-sanson.fr\/wordpress\/wp-content\/uploads\/2020\/11\/Les-balades-sont-belles-avec-des-contes-La-Bazoche-Gouet-28330-page-001-791x1024.jpg 791w, https:\/\/www.noemie-sanson.fr\/wordpress\/wp-content\/uploads\/2020\/11\/Les-balades-sont-belles-avec-des-contes-La-Bazoche-Gouet-28330-page-001-232x300.jpg 232w, https:\/\/www.noemie-sanson.fr\/wordpress\/wp-content\/uploads\/2020\/11\/Les-balades-sont-belles-avec-des-contes-La-Bazoche-Gouet-28330-page-001-768x994.jpg 768w, https:\/\/www.noemie-sanson.fr\/wordpress\/wp-content\/uploads\/2020\/11\/Les-balades-sont-belles-avec-des-contes-La-Bazoche-Gouet-28330-page-001-1187x1536.jpg 1187w, https:\/\/www.noemie-sanson.fr\/wordpress\/wp-content\/uploads\/2020\/11\/Les-balades-sont-belles-avec-des-contes-La-Bazoche-Gouet-28330-page-001.jpg 1275w\" sizes=\"auto, (max-width: 791px) 100vw, 791px\" \/><\/figure>\n\n\n\n<figure class=\"wp-block-gallery has-nested-images columns-default is-cropped wp-block-gallery-1 is-layout-flex wp-block-gallery-is-layout-flex\">\n<figure class=\"wp-block-image size-large\"><img loading=\"lazy\" decoding=\"async\" width=\"602\" height=\"740\" data-id=\"1955\" src=\"https:\/\/www.noemie-sanson.fr\/wordpress\/wp-content\/uploads\/2019\/03\/L\u00e9on-presse.jpg\" alt=\"\" class=\"wp-image-1955\" srcset=\"https:\/\/www.noemie-sanson.fr\/wordpress\/wp-content\/uploads\/2019\/03\/L\u00e9on-presse.jpg 602w, https:\/\/www.noemie-sanson.fr\/wordpress\/wp-content\/uploads\/2019\/03\/L\u00e9on-presse-244x300.jpg 244w\" sizes=\"auto, (max-width: 602px) 100vw, 602px\" \/><\/figure>\n\n\n\n<figure class=\"wp-block-image size-large\"><img loading=\"lazy\" decoding=\"async\" width=\"960\" height=\"314\" data-id=\"1993\" src=\"https:\/\/www.noemie-sanson.fr\/wordpress\/wp-content\/uploads\/2019\/10\/article-presse-2019-e1586802752329.jpg\" alt=\"\" class=\"wp-image-1993\" srcset=\"https:\/\/www.noemie-sanson.fr\/wordpress\/wp-content\/uploads\/2019\/10\/article-presse-2019-e1586802752329.jpg 960w, https:\/\/www.noemie-sanson.fr\/wordpress\/wp-content\/uploads\/2019\/10\/article-presse-2019-e1586802752329-300x98.jpg 300w, https:\/\/www.noemie-sanson.fr\/wordpress\/wp-content\/uploads\/2019\/10\/article-presse-2019-e1586802752329-768x251.jpg 768w\" sizes=\"auto, (max-width: 960px) 100vw, 960px\" \/><\/figure>\n\n\n\n<figure class=\"wp-block-image size-large\"><img loading=\"lazy\" decoding=\"async\" width=\"1024\" height=\"589\" data-id=\"2480\" src=\"https:\/\/www.noemie-sanson.fr\/wordpress\/wp-content\/uploads\/2020\/04\/Presse-2-1024x589.jpg\" alt=\"\" class=\"wp-image-2480\" srcset=\"https:\/\/www.noemie-sanson.fr\/wordpress\/wp-content\/uploads\/2020\/04\/Presse-2-1024x589.jpg 1024w, https:\/\/www.noemie-sanson.fr\/wordpress\/wp-content\/uploads\/2020\/04\/Presse-2-300x173.jpg 300w, https:\/\/www.noemie-sanson.fr\/wordpress\/wp-content\/uploads\/2020\/04\/Presse-2-768x442.jpg 768w, https:\/\/www.noemie-sanson.fr\/wordpress\/wp-content\/uploads\/2020\/04\/Presse-2-1536x884.jpg 1536w, https:\/\/www.noemie-sanson.fr\/wordpress\/wp-content\/uploads\/2020\/04\/Presse-2-2048x1178.jpg 2048w\" sizes=\"auto, (max-width: 1024px) 100vw, 1024px\" \/><\/figure>\n\n\n\n<figure class=\"wp-block-image size-large\"><img loading=\"lazy\" decoding=\"async\" width=\"1024\" height=\"798\" data-id=\"1852\" src=\"https:\/\/www.noemie-sanson.fr\/wordpress\/wp-content\/uploads\/2018\/10\/article-presse-1-1024x798.jpg\" alt=\"\" class=\"wp-image-1852\" srcset=\"https:\/\/www.noemie-sanson.fr\/wordpress\/wp-content\/uploads\/2018\/10\/article-presse-1-1024x798.jpg 1024w, https:\/\/www.noemie-sanson.fr\/wordpress\/wp-content\/uploads\/2018\/10\/article-presse-1-300x234.jpg 300w, https:\/\/www.noemie-sanson.fr\/wordpress\/wp-content\/uploads\/2018\/10\/article-presse-1-768x598.jpg 768w, https:\/\/www.noemie-sanson.fr\/wordpress\/wp-content\/uploads\/2018\/10\/article-presse-1.jpg 1280w\" sizes=\"auto, (max-width: 1024px) 100vw, 1024px\" \/><\/figure>\n\n\n\n<figure class=\"wp-block-image size-large\"><img loading=\"lazy\" decoding=\"async\" width=\"446\" height=\"1024\" data-id=\"1585\" src=\"https:\/\/www.noemie-sanson.fr\/wordpress\/wp-content\/uploads\/2017\/02\/article-de-presse-446x1024.jpg\" alt=\"\" class=\"wp-image-1585\" srcset=\"https:\/\/www.noemie-sanson.fr\/wordpress\/wp-content\/uploads\/2017\/02\/article-de-presse-446x1024.jpg 446w, https:\/\/www.noemie-sanson.fr\/wordpress\/wp-content\/uploads\/2017\/02\/article-de-presse-131x300.jpg 131w, https:\/\/www.noemie-sanson.fr\/wordpress\/wp-content\/uploads\/2017\/02\/article-de-presse-768x1762.jpg 768w, https:\/\/www.noemie-sanson.fr\/wordpress\/wp-content\/uploads\/2017\/02\/article-de-presse.jpg 1033w\" sizes=\"auto, (max-width: 446px) 100vw, 446px\" \/><\/figure>\n\n\n\n<figure class=\"wp-block-image size-large\"><img loading=\"lazy\" decoding=\"async\" width=\"821\" height=\"1024\" data-id=\"1588\" src=\"https:\/\/www.noemie-sanson.fr\/wordpress\/wp-content\/uploads\/2017\/02\/La-presse-821x1024.jpg\" alt=\"\" class=\"wp-image-1588\" srcset=\"https:\/\/www.noemie-sanson.fr\/wordpress\/wp-content\/uploads\/2017\/02\/La-presse-821x1024.jpg 821w, https:\/\/www.noemie-sanson.fr\/wordpress\/wp-content\/uploads\/2017\/02\/La-presse-241x300.jpg 241w, https:\/\/www.noemie-sanson.fr\/wordpress\/wp-content\/uploads\/2017\/02\/La-presse-768x957.jpg 768w, https:\/\/www.noemie-sanson.fr\/wordpress\/wp-content\/uploads\/2017\/02\/La-presse.jpg 1387w\" sizes=\"auto, (max-width: 821px) 100vw, 821px\" \/><\/figure>\n<\/figure>\n\n\n\n<h2 class=\"wp-block-heading\"><\/h2>\n\n\n\n<h2 class=\"wp-block-heading\"><\/h2>\n\n\n\n<h2 class=\"wp-block-heading\"><\/h2>\n","protected":false},"excerpt":{"rendered":"<p>Le Maine Libre, Mardi 27 f\u00e9vrier 2024<\/p>\n","protected":false},"author":2,"featured_media":3444,"parent":3822,"menu_order":1,"comment_status":"closed","ping_status":"closed","template":"","meta":{"footnotes":""},"class_list":["post-1486","page","type-page","status-publish","has-post-thumbnail","hentry"],"_links":{"self":[{"href":"https:\/\/www.noemie-sanson.fr\/index.php?rest_route=\/wp\/v2\/pages\/1486","targetHints":{"allow":["GET"]}}],"collection":[{"href":"https:\/\/www.noemie-sanson.fr\/index.php?rest_route=\/wp\/v2\/pages"}],"about":[{"href":"https:\/\/www.noemie-sanson.fr\/index.php?rest_route=\/wp\/v2\/types\/page"}],"author":[{"embeddable":true,"href":"https:\/\/www.noemie-sanson.fr\/index.php?rest_route=\/wp\/v2\/users\/2"}],"replies":[{"embeddable":true,"href":"https:\/\/www.noemie-sanson.fr\/index.php?rest_route=%2Fwp%2Fv2%2Fcomments&post=1486"}],"version-history":[{"count":17,"href":"https:\/\/www.noemie-sanson.fr\/index.php?rest_route=\/wp\/v2\/pages\/1486\/revisions"}],"predecessor-version":[{"id":3792,"href":"https:\/\/www.noemie-sanson.fr\/index.php?rest_route=\/wp\/v2\/pages\/1486\/revisions\/3792"}],"up":[{"embeddable":true,"href":"https:\/\/www.noemie-sanson.fr\/index.php?rest_route=\/wp\/v2\/pages\/3822"}],"wp:featuredmedia":[{"embeddable":true,"href":"https:\/\/www.noemie-sanson.fr\/index.php?rest_route=\/wp\/v2\/media\/3444"}],"wp:attachment":[{"href":"https:\/\/www.noemie-sanson.fr\/index.php?rest_route=%2Fwp%2Fv2%2Fmedia&parent=1486"}],"curies":[{"name":"wp","href":"https:\/\/api.w.org\/{rel}","templated":true}]}}