{"id":2083,"date":"2020-04-01T12:45:45","date_gmt":"2020-04-01T10:45:45","guid":{"rendered":"https:\/\/www.noemie-sanson.fr\/?page_id=2083"},"modified":"2026-04-20T10:05:37","modified_gmt":"2026-04-20T08:05:37","slug":"agenda","status":"publish","type":"page","link":"https:\/\/www.noemie-sanson.fr","title":{"rendered":""},"content":{"rendered":"\n<p class=\"has-text-align-center has-medium-gray-color has-electric-grass-gradient-background has-text-color has-background has-medium-font-size\"><strong>Bonjour et bienvenue au pays des Contes et de l&rsquo;Oralit\u00e9 !<\/strong><\/p>\n\n\n\n<p class=\"has-drop-cap has-medium-gray-color has-electric-grass-gradient-background has-text-color has-background has-medium-font-size\"><strong><img loading=\"lazy\" decoding=\"async\" height=\"16\" width=\"16\" src=\"https:\/\/static.xx.fbcdn.net\/images\/emoji.php\/v9\/t99\/1\/16\/1f33a.png\" alt=\"\ud83c\udf3a\">Les racont\u00e9es des jours \u00e0 venir <img loading=\"lazy\" decoding=\"async\" height=\"16\" width=\"16\" src=\"https:\/\/static.xx.fbcdn.net\/images\/emoji.php\/v9\/t99\/1\/16\/1f33a.png\" alt=\"\ud83c\udf3a\">, voici le programme<\/strong> <img loading=\"lazy\" decoding=\"async\" height=\"16\" width=\"16\" src=\"https:\/\/static.xx.fbcdn.net\/images\/emoji.php\/v9\/tb4\/1\/16\/1f38a.png\" alt=\"\ud83c\udf8a\"> :<\/p>\n\n\n\n<p class=\"has-drop-cap has-black-color has-luminous-vivid-amber-to-luminous-vivid-orange-gradient-background has-text-color has-background has-medium-font-size\"><em>Vive le printemps<\/em>, racont\u00e9e pour les tout-petits : mercredi 22 avril \u00e0 11h, Auditorium de l&rsquo;Apostrophe, m\u00e9diath\u00e8que de Chartres (28)<\/p>\n\n\n\n<p class=\"has-drop-cap has-white-color has-text-color has-background has-link-color has-medium-font-size wp-elements-96de19f7f78982618d2de54c5479ea85\" style=\"background:linear-gradient(135deg,rgb(252,185,0) 97%,rgb(255,105,0) 100%)\"><em>L<\/em><strong><em>e Tout-Petit Carnaval des  Animaux :<\/em><\/strong> jeudi 21 mai \u00e0 11h \u00e0 la Salle des F\u00eates de Saint R\u00e9my du Val (72) dans le cadre du Festival Lecture aux Animaux<\/p>\n\n\n\n<p class=\"has-drop-cap has-white-color has-text-color has-background has-link-color has-medium-font-size wp-elements-cca322420f3f44064189a8b85885488f\" style=\"background:linear-gradient(135deg,rgb(238,238,238) 0%,rgb(169,184,195) 0%)\"><em>Atelier de Pratique du Conte, pour <\/em>d\u00e9butants et initi\u00e9s : dimanche 7 juin 2026 \u00e0 la salle polyvalente de Mar\u00e7on (72)<\/p>\n\n\n\n<p class=\"has-drop-cap has-white-color has-electric-grass-gradient-background has-text-color has-background has-medium-font-size\"><strong><em>Les Contes de la Grange Hant\u00e9e<\/em><\/strong>, Salle du Lac de Mar\u00e7on, espace des Loisirs des Varennes, \u00e0 21h gratuit, mercredi 15 juillet 2026 \u00e0 21h.<\/p>\n\n\n\n<p class=\"has-white-color has-text-color has-background has-link-color has-medium-font-size wp-elements-df103e79cdd3967d376669ba4fbf8afd\" style=\"background:linear-gradient(135deg,rgb(252,185,0) 100%,rgb(255,105,0) 100%)\"><strong><em>Contes et Cantaella<\/em><\/strong>, contes et chorale, en compagnie de la chorale de Courdemanche, dans le cadre des Z\u00e9brures de la Ferme du Cochon Z\u00e9br\u00e9, Mar\u00e7on, vendredi 3 juillet 2026, \u00e0 1930, restauration sur place<\/p>\n\n\n\n<p class=\"has-luminous-vivid-amber-to-luminous-vivid-orange-gradient-background has-background has-medium-font-size\"><strong>Ateliers d\u00e9couverte Contes et Sophrologie<\/strong>, dimanche 12 juillet 2026, \u00e0 Ecommoy en collaboration avec Sylvie Fallou, sophrologue<\/p>\n\n\n\n<p class=\"has-drop-cap has-black-color has-electric-grass-gradient-background has-text-color has-background has-medium-font-size\"><strong><em>Stage Fl\u00e2nerie \u00e0 bord des contes N\u00b03<\/em><\/strong>, Salle du Lac de Mar\u00e7on, espace des Loisirs des Varennes, du mardi 4 au jeudi 6 ao\u00fbt <\/p>\n\n\n\n<p class=\"has-background has-medium-font-size\" style=\"background:linear-gradient(135deg,rgb(252,185,0) 100%,rgb(255,105,0) 100%)\"><strong><em> Soir\u00e9e de cl\u00f4ture<\/em><\/strong> du stage \u00e0 la Guinguette du G\u00eete du Loir \u00e0 v\u00e9lo, Mar\u00e7on, \u00e0 partir de 19h le jeudi 6 ao\u00fbt 2026<\/p>\n\n\n\n<p class=\"has-text-align-center has-white-color has-text-color has-background has-medium-font-size\" style=\"background:linear-gradient(135deg,rgb(202,248,128) 0%,rgb(113,206,126) 0%)\">Le conte, cet art de la relation, n\u2019a pas besoin de d\u00e9co rs pour emmener au pays de l&rsquo;humanit\u00e9 partag\u00e9e : une voix, un corps, un souffle et nous voil\u00e0 embarqu\u00e9.e.s<\/p>\n\n\n\n<figure class=\"wp-block-image size-large\"><a href=\"https:\/\/www.noemie-sanson.fr\/wordpress\/wp-content\/uploads\/2025\/09\/Balades-contees-2025-4.jpg\"><img loading=\"lazy\" decoding=\"async\" width=\"724\" height=\"1024\" src=\"https:\/\/www.noemie-sanson.fr\/wordpress\/wp-content\/uploads\/2025\/09\/Balades-contees-2025-4-724x1024.jpg\" alt=\"\" class=\"wp-image-4245\" srcset=\"https:\/\/www.noemie-sanson.fr\/wordpress\/wp-content\/uploads\/2025\/09\/Balades-contees-2025-4-724x1024.jpg 724w, https:\/\/www.noemie-sanson.fr\/wordpress\/wp-content\/uploads\/2025\/09\/Balades-contees-2025-4-212x300.jpg 212w, https:\/\/www.noemie-sanson.fr\/wordpress\/wp-content\/uploads\/2025\/09\/Balades-contees-2025-4-768x1086.jpg 768w, https:\/\/www.noemie-sanson.fr\/wordpress\/wp-content\/uploads\/2025\/09\/Balades-contees-2025-4-1086x1536.jpg 1086w, https:\/\/www.noemie-sanson.fr\/wordpress\/wp-content\/uploads\/2025\/09\/Balades-contees-2025-4-1448x2048.jpg 1448w, https:\/\/www.noemie-sanson.fr\/wordpress\/wp-content\/uploads\/2025\/09\/Balades-contees-2025-4.jpg 1587w\" sizes=\"auto, (max-width: 724px) 100vw, 724px\" \/><\/a><\/figure>\n\n\n\n<p><\/p>\n\n\n\n<p class=\"has-drop-cap has-black-color has-white-background-color has-text-color has-background has-medium-font-size\"><\/p>\n\n\n\n<figure class=\"wp-block-gallery has-nested-images columns-default is-cropped wp-block-gallery-1 is-layout-flex wp-block-gallery-is-layout-flex\"><\/figure>\n\n\n\n<figure class=\"wp-block-image size-large\"><a href=\"https:\/\/www.noemie-sanson.fr\/wordpress\/wp-content\/uploads\/2024\/02\/le-bulletin-municipal.jpg\"><img loading=\"lazy\" decoding=\"async\" width=\"1024\" height=\"710\" src=\"https:\/\/www.noemie-sanson.fr\/wordpress\/wp-content\/uploads\/2024\/02\/le-bulletin-municipal-1024x710.jpg\" alt=\"\" class=\"wp-image-3688\" srcset=\"https:\/\/www.noemie-sanson.fr\/wordpress\/wp-content\/uploads\/2024\/02\/le-bulletin-municipal-1024x710.jpg 1024w, https:\/\/www.noemie-sanson.fr\/wordpress\/wp-content\/uploads\/2024\/02\/le-bulletin-municipal-300x208.jpg 300w, https:\/\/www.noemie-sanson.fr\/wordpress\/wp-content\/uploads\/2024\/02\/le-bulletin-municipal-768x532.jpg 768w, https:\/\/www.noemie-sanson.fr\/wordpress\/wp-content\/uploads\/2024\/02\/le-bulletin-municipal-1536x1065.jpg 1536w, https:\/\/www.noemie-sanson.fr\/wordpress\/wp-content\/uploads\/2024\/02\/le-bulletin-municipal.jpg 1874w\" sizes=\"auto, (max-width: 1024px) 100vw, 1024px\" \/><\/a><figcaption class=\"wp-element-caption\">Bulletin municipal 2024 Mar\u00e7on<\/figcaption><\/figure>\n","protected":false},"excerpt":{"rendered":"<p>Bonjour et bienvenue au pays des Contes et de l&rsquo;Oralit\u00e9 ! Les racont\u00e9es des jours \u00e0 venir , voici le programme : Vive le printemps, racont\u00e9e pour les tout-petits : mercredi 22 avril \u00e0 11h, Auditorium de l&rsquo;Apostrophe, m\u00e9diath\u00e8que de &hellip; <a href=\"https:\/\/www.noemie-sanson.fr\/\">Continuer la lecture <span class=\"meta-nav\">&rarr;<\/span><\/a><\/p>\n","protected":false},"author":2,"featured_media":3432,"parent":0,"menu_order":0,"comment_status":"closed","ping_status":"closed","template":"","meta":{"footnotes":""},"class_list":["post-2083","page","type-page","status-publish","has-post-thumbnail","hentry"],"_links":{"self":[{"href":"https:\/\/www.noemie-sanson.fr\/index.php?rest_route=\/wp\/v2\/pages\/2083","targetHints":{"allow":["GET"]}}],"collection":[{"href":"https:\/\/www.noemie-sanson.fr\/index.php?rest_route=\/wp\/v2\/pages"}],"about":[{"href":"https:\/\/www.noemie-sanson.fr\/index.php?rest_route=\/wp\/v2\/types\/page"}],"author":[{"embeddable":true,"href":"https:\/\/www.noemie-sanson.fr\/index.php?rest_route=\/wp\/v2\/users\/2"}],"replies":[{"embeddable":true,"href":"https:\/\/www.noemie-sanson.fr\/index.php?rest_route=%2Fwp%2Fv2%2Fcomments&post=2083"}],"version-history":[{"count":149,"href":"https:\/\/www.noemie-sanson.fr\/index.php?rest_route=\/wp\/v2\/pages\/2083\/revisions"}],"predecessor-version":[{"id":4311,"href":"https:\/\/www.noemie-sanson.fr\/index.php?rest_route=\/wp\/v2\/pages\/2083\/revisions\/4311"}],"wp:featuredmedia":[{"embeddable":true,"href":"https:\/\/www.noemie-sanson.fr\/index.php?rest_route=\/wp\/v2\/media\/3432"}],"wp:attachment":[{"href":"https:\/\/www.noemie-sanson.fr\/index.php?rest_route=%2Fwp%2Fv2%2Fmedia&parent=2083"}],"curies":[{"name":"wp","href":"https:\/\/api.w.org\/{rel}","templated":true}]}}