{"id":3861,"date":"2024-03-08T13:23:21","date_gmt":"2024-03-08T11:23:21","guid":{"rendered":"https:\/\/www.noemie-sanson.fr\/?page_id=3861"},"modified":"2025-09-09T13:22:12","modified_gmt":"2025-09-09T11:22:12","slug":"balades-contees-2","status":"publish","type":"page","link":"https:\/\/www.noemie-sanson.fr\/?page_id=3861","title":{"rendered":"Balades cont\u00e9es"},"content":{"rendered":"\n<p>Vous aimeriez envelopper d&rsquo;un Autre regard un espace qui vous tient \u00e0 c\u0153ur ?<\/p>\n\n\n\n<p>Un espace naturel dont la beaut\u00e9 vous fascine ?<\/p>\n\n\n\n<p>Un lieu du patrimoine remplis d&rsquo;imaginaires qui ne demandent qu&rsquo;\u00e0 se d\u00e9velopper ?<\/p>\n\n\n\n<p>No\u00e9mie peut venir vous y concocter une balade cont\u00e9e, entre imaginaire et r\u00e9alit\u00e9.<\/p>\n\n\n\n<p>Avec l&rsquo;appui des contes traditionnels locaux ou de l&rsquo;imaginaire collectif universel, elle vous emm\u00e8nera au de l\u00e0 des terres, au del\u00e0 des mers, par le biais d&rsquo;histoires et de chansons.<\/p>\n\n\n\n<p>Un temps de partage familial, ou bien entre adultes suivant votre projet.<\/p>\n\n\n\n<p>En fonction du temps et des moyens, No\u00e9mie Sanson vous concoctera une balade hors du commun, joyeuse et vivifiante !<\/p>\n\n\n\n<figure class=\"wp-block-gallery has-nested-images columns-default is-cropped wp-block-gallery-1 is-layout-flex wp-block-gallery-is-layout-flex\">\n<figure class=\"wp-block-image size-large\"><a href=\"https:\/\/www.noemie-sanson.fr\/wordpress\/wp-content\/uploads\/2024\/03\/duomarche2.jpg\"><img loading=\"lazy\" decoding=\"async\" width=\"1024\" height=\"422\" data-id=\"3900\" src=\"https:\/\/www.noemie-sanson.fr\/wordpress\/wp-content\/uploads\/2024\/03\/duomarche2-1024x422.jpg\" alt=\"\" class=\"wp-image-3900\" srcset=\"https:\/\/www.noemie-sanson.fr\/wordpress\/wp-content\/uploads\/2024\/03\/duomarche2-1024x422.jpg 1024w, https:\/\/www.noemie-sanson.fr\/wordpress\/wp-content\/uploads\/2024\/03\/duomarche2-300x124.jpg 300w, https:\/\/www.noemie-sanson.fr\/wordpress\/wp-content\/uploads\/2024\/03\/duomarche2-768x317.jpg 768w, https:\/\/www.noemie-sanson.fr\/wordpress\/wp-content\/uploads\/2024\/03\/duomarche2.jpg 1382w\" sizes=\"auto, (max-width: 1024px) 100vw, 1024px\" \/><\/a><\/figure>\n\n\n\n<figure class=\"wp-block-image size-large\"><a href=\"https:\/\/www.noemie-sanson.fr\/wordpress\/wp-content\/uploads\/2024\/03\/IMG-20210419-WA0032.jpg\"><img loading=\"lazy\" decoding=\"async\" width=\"1024\" height=\"768\" data-id=\"3901\" src=\"https:\/\/www.noemie-sanson.fr\/wordpress\/wp-content\/uploads\/2024\/03\/IMG-20210419-WA0032-1024x768.jpg\" alt=\"\" class=\"wp-image-3901\" srcset=\"https:\/\/www.noemie-sanson.fr\/wordpress\/wp-content\/uploads\/2024\/03\/IMG-20210419-WA0032-1024x768.jpg 1024w, https:\/\/www.noemie-sanson.fr\/wordpress\/wp-content\/uploads\/2024\/03\/IMG-20210419-WA0032-300x225.jpg 300w, https:\/\/www.noemie-sanson.fr\/wordpress\/wp-content\/uploads\/2024\/03\/IMG-20210419-WA0032-768x576.jpg 768w, https:\/\/www.noemie-sanson.fr\/wordpress\/wp-content\/uploads\/2024\/03\/IMG-20210419-WA0032-1536x1152.jpg 1536w, https:\/\/www.noemie-sanson.fr\/wordpress\/wp-content\/uploads\/2024\/03\/IMG-20210419-WA0032.jpg 1600w\" sizes=\"auto, (max-width: 1024px) 100vw, 1024px\" \/><\/a><\/figure>\n\n\n\n<figure class=\"wp-block-image size-large\"><a href=\"https:\/\/www.noemie-sanson.fr\/wordpress\/wp-content\/uploads\/2024\/03\/833a7cd1-8eb5-4f53-bc3e-7dfaed0844e8.jpg\"><img loading=\"lazy\" decoding=\"async\" width=\"1024\" height=\"682\" data-id=\"3902\" src=\"https:\/\/www.noemie-sanson.fr\/wordpress\/wp-content\/uploads\/2024\/03\/833a7cd1-8eb5-4f53-bc3e-7dfaed0844e8-1024x682.jpg\" alt=\"\" class=\"wp-image-3902\" srcset=\"https:\/\/www.noemie-sanson.fr\/wordpress\/wp-content\/uploads\/2024\/03\/833a7cd1-8eb5-4f53-bc3e-7dfaed0844e8-1024x682.jpg 1024w, https:\/\/www.noemie-sanson.fr\/wordpress\/wp-content\/uploads\/2024\/03\/833a7cd1-8eb5-4f53-bc3e-7dfaed0844e8-300x200.jpg 300w, https:\/\/www.noemie-sanson.fr\/wordpress\/wp-content\/uploads\/2024\/03\/833a7cd1-8eb5-4f53-bc3e-7dfaed0844e8-768x511.jpg 768w, https:\/\/www.noemie-sanson.fr\/wordpress\/wp-content\/uploads\/2024\/03\/833a7cd1-8eb5-4f53-bc3e-7dfaed0844e8.jpg 1263w\" sizes=\"auto, (max-width: 1024px) 100vw, 1024px\" \/><\/a><\/figure>\n<\/figure>\n","protected":false},"excerpt":{"rendered":"<p>Vous aimeriez envelopper d&rsquo;un Autre regard un espace qui vous tient \u00e0 c\u0153ur ? Un espace naturel dont la beaut\u00e9 vous fascine ? Un lieu du patrimoine remplis d&rsquo;imaginaires qui ne demandent qu&rsquo;\u00e0 se d\u00e9velopper ? No\u00e9mie peut venir vous &hellip; <a href=\"https:\/\/www.noemie-sanson.fr\/?page_id=3861\">Continuer la lecture <span class=\"meta-nav\">&rarr;<\/span><\/a><\/p>\n","protected":false},"author":2,"featured_media":1647,"parent":1103,"menu_order":10,"comment_status":"closed","ping_status":"closed","template":"","meta":{"footnotes":""},"class_list":["post-3861","page","type-page","status-publish","has-post-thumbnail","hentry"],"_links":{"self":[{"href":"https:\/\/www.noemie-sanson.fr\/index.php?rest_route=\/wp\/v2\/pages\/3861","targetHints":{"allow":["GET"]}}],"collection":[{"href":"https:\/\/www.noemie-sanson.fr\/index.php?rest_route=\/wp\/v2\/pages"}],"about":[{"href":"https:\/\/www.noemie-sanson.fr\/index.php?rest_route=\/wp\/v2\/types\/page"}],"author":[{"embeddable":true,"href":"https:\/\/www.noemie-sanson.fr\/index.php?rest_route=\/wp\/v2\/users\/2"}],"replies":[{"embeddable":true,"href":"https:\/\/www.noemie-sanson.fr\/index.php?rest_route=%2Fwp%2Fv2%2Fcomments&post=3861"}],"version-history":[{"count":3,"href":"https:\/\/www.noemie-sanson.fr\/index.php?rest_route=\/wp\/v2\/pages\/3861\/revisions"}],"predecessor-version":[{"id":4192,"href":"https:\/\/www.noemie-sanson.fr\/index.php?rest_route=\/wp\/v2\/pages\/3861\/revisions\/4192"}],"up":[{"embeddable":true,"href":"https:\/\/www.noemie-sanson.fr\/index.php?rest_route=\/wp\/v2\/pages\/1103"}],"wp:featuredmedia":[{"embeddable":true,"href":"https:\/\/www.noemie-sanson.fr\/index.php?rest_route=\/wp\/v2\/media\/1647"}],"wp:attachment":[{"href":"https:\/\/www.noemie-sanson.fr\/index.php?rest_route=%2Fwp%2Fv2%2Fmedia&parent=3861"}],"curies":[{"name":"wp","href":"https:\/\/api.w.org\/{rel}","templated":true}]}}