{"id":3874,"date":"2024-03-11T11:23:53","date_gmt":"2024-03-11T09:23:53","guid":{"rendered":"https:\/\/www.noemie-sanson.fr\/?page_id=3874"},"modified":"2025-02-12T12:52:48","modified_gmt":"2025-02-12T10:52:48","slug":"c-v","status":"publish","type":"page","link":"https:\/\/www.noemie-sanson.fr\/?page_id=3874","title":{"rendered":"C.V ARTISTIQUE"},"content":{"rendered":"\n<h2 class=\"wp-block-heading has-blue-color has-text-color has-link-color wp-elements-d5b14dea0c272d0ea9657fbf029caf01\">SPECTACLES de CONTES en&nbsp;TOURN\u00c9E :<\/h2>\n\n\n\n<p class=\"has-text-color has-link-color wp-elements-951bcfc51f48385a00bac6841d9ffbb2\" style=\"color:#740abb\">Racont\u00e9e pour adultes et adolescents :  <strong>     <\/strong>                                                                                                <strong><em>Fruits de mer(e) et Grains \u00e0 moudre<\/em><\/strong> ( cr\u00e9ation octobre 2024)                                                            <strong><em>La Danse de L&rsquo;Invisible<\/em><\/strong> ( cr\u00e9ation juin 2022, Les Hautes Forges (72))<\/p>\n\n\n\n<p>Racont\u00e9e pour tous \u00e0 partir de 6 ans :                                                                                                           <strong><em>Pied, patte, pouce<\/em><\/strong> ( premi\u00e8res janvier 2024, Les Nuits de la Lecture Mansign\u00e9 (72) \/ Auneau (28))                                                                                                                                               <strong><em>Les Contes de la Grange Hant\u00e9e\u00a0<\/em><\/strong><em>(cr\u00e9ation octobre 2018)<\/em>                                                          <strong><em>Contes en Lumi\u00e8re\u00a0(et en musique !)<\/em><\/strong>, accompagn\u00e9e aux percussions par Jean-Claude Roche depuis d\u00e9cembre 2019 (cr\u00e9ation d\u00e9cembre 2015)<\/p>\n\n\n\n<p class=\"has-text-color has-link-color wp-elements-6bf853bf3bbe3725a1ee201e8c8c1623\" style=\"color:#480e82\">Racont\u00e9e pour tous \u00e0 partir de 5 ans                                                                                                           <strong><em>Jardin secret, au parfum des fleurs<\/em><\/strong> ( premi\u00e8re avril 2023 PNR du Perche 61)                                                   <em><strong>Hell\u2019eau la mer ou l\u2019Enfant Coquillag<\/strong>e\u00a0<\/em>(cr\u00e9ation avril 2017)<\/p>\n\n\n\n<p>Spectacle pour les tout-petits :                                                                                                                  <strong><em>Le tout Petit Carnaval des Tout &#8211; Petits Animaux<\/em><\/strong> ( premi\u00e8re d\u00e9cembre 2023 au Th\u00e9\u00e2tre du Passeur 72                                                                                                                                               <strong><em>Ah si j&rsquo;avais des ailes<\/em><\/strong> ( premi\u00e8re octobre 2023 au Th\u00e9\u00e2tre du Passeur, 72)<\/p>\n\n\n\n<p class=\"has-text-color has-link-color wp-elements-25881828d0afb987d26f3728b4b3aad7\" style=\"color:#8433b9\">Cr\u00e9ation collective : <em><strong>Voyage en Absurdie<\/strong><\/em>, en collaboration avec les compagnies Le Th\u00e9\u00e2tre en Herbe et Les T\u00eates de Piafs<\/p>\n\n\n\n<p class=\"has-blue-color has-text-color has-link-color wp-elements-5ed29035021f13ecfa9cf25f6442fb99\">DIRECTRICE ARTISTIQUE FESTIVAL<\/p>\n\n\n\n<p>Et\u00e9 2024 : coorganisatrice <strong><em>Artistes en Libert\u00e9<\/em><\/strong>, festival itin\u00e9rant en partenariat avec les compagnies Th\u00e9\u00e2tre en Herbe, Les T\u00eates de Piafs et de Zest&rsquo;Cie.<\/p>\n\n\n\n<p class=\"has-text-color has-link-color wp-elements-659bbb03e31c49af8a3ed7ce8ace6c0f\" style=\"color:#5713b0\">2022-2023 : Co-organisation du<strong><em> Festival Mon Village en F\u00eate<\/em><\/strong> ( propos\u00e9 par le D\u00e9partement de l&rsquo;Eure et Loir) en compagnie du Th\u00e9\u00e2tre en Herbe, Les T\u00eates de Piafs et de Zest&rsquo;Cie.<\/p>\n\n\n\n<p>Mai 2016-2017-2018 : Directrice du\u00a0<strong><em>Festival des Contes en Cotentin<\/em><\/strong><\/p>\n\n\n\n<p class=\"has-text-color has-link-color wp-elements-7607d9825914fa1bda49fded5bb56f19\" style=\"color:#511e9f\">Juin 2015 : Conception artistique du&nbsp;<strong><em>Mini-Festival des Contes en Cotentin<\/em><\/strong>&nbsp;en Normandie (R\u00e9thoville,&nbsp;50)<\/p>\n\n\n\n<p class=\"has-blue-color has-text-color has-link-color wp-elements-3fa27a0430f77b6ec028fcaeb8651c59\">AUTEURE :<\/p>\n\n\n\n<p>Avril 2018&nbsp;:&nbsp;<em><strong>Sur la banquise, une nouvelle-voyage<\/strong>&nbsp;<\/em><\/p>\n\n\n\n<p>Mars 2017 :&nbsp;<strong><em>Au Pays des&nbsp;Bulles<\/em><\/strong>, commande d\u2019\u00e9criture de l\u2019ANSES<\/p>\n\n\n\n<p class=\"has-blue-color has-text-color has-link-color wp-elements-7ba03c16bfc786cfe1b90f7c2f89e46a\">CREATIONS PASSEES<\/p>\n\n\n\n<p class=\"has-black-color has-text-color has-link-color wp-elements-bbd11cf3f11be78c75b74b1266e7549c\">D\u00e9cembre 2024 :<strong><em> Cr\u00e9ation de balades cont\u00e9es<\/em><\/strong> \u00e0 la Villa M\u00e9dicis de Saint Maur des Foss\u00e9s (94)<\/p>\n\n\n\n<p class=\"has-text-color has-link-color wp-elements-1ddc0676facc1a7dd56e8707fd9a7c47\" style=\"color:#791a95\">2019-2022 : <strong><em>Balades\u00a0Cont\u00e9e pour Petits Pieds et Grandes Chaussures<\/em>\u00a0<\/strong>(Manoir de Courboyer, PNR du Perche 61)<\/p>\n\n\n\n<p class=\"has-black-color has-text-color has-link-color wp-elements-2dda5165e7f8e740c8d102c9dcabd0f7\">6 juillet 2019\u00a0:\u00a0<em><strong>Lumi\u00e8res sur le cap<\/strong>,<\/em>\u00a0cr\u00e9ation dans le cadre des 180 ans du Phare de Carteret, accompagn\u00e9e en musique par Joao Gonzalez Gracio, percussionniste et cr\u00e9ateur sonore<\/p>\n\n\n\n<p class=\"has-text-color has-link-color wp-elements-c445d6f66998ac861f4ae45ec89c59ce\" style=\"color:#854398\">Juin 2017 et juin 2018 : Interventions cont\u00e9es dans le cadre de la randonn\u00e9e&nbsp;<em><strong>Les Dunes aux Milles Visages&nbsp;<\/strong><\/em>(Barneville-Carteret)<\/p>\n\n\n\n<p>&nbsp;2013-2016 :<strong><em>La Grande Marcheuse<\/em><\/strong>, texte \u00e9crit et jou\u00e9 par No\u00e9mie Sanson accompagn\u00e9e \u00e0 l\u2019accord\u00e9on par Ivan Zec et aux bidouilles sonores (une dizaine de repr\u00e9sentations dont une dans le cadre du Festival des travers\u00e9es de Tatihou 2016)<\/p>\n\n\n\n<p class=\"has-text-color has-link-color wp-elements-c32dd17c582955bfd24aa00ce24a546d\" style=\"color:#5e3284\">2015-2016 :&nbsp;<strong><em>Au Pays des&nbsp;Trois Citrons<\/em><\/strong>, contes merveilleux<\/p>\n\n\n\n<p>2015-2019 :&nbsp;<strong><em>Au Pays de P\u2019tit L\u00e9on<\/em><\/strong>&nbsp;<\/p>\n\n\n\n<p class=\"has-text-color has-link-color wp-elements-7efcdd2f9efbaf2bd210e671def8cc6b\" style=\"color:#7e1f9f\"><strong><em>Contes Nature<\/em><\/strong>, conteuse en compagnie de Laurent Azuelos, conteur, au PNR du Vexin (juin 2014)<\/p>\n\n\n\n<p><strong><em>No\u00ebl Ici, No\u00ebl Ailleurs<\/em><\/strong>, en compagnie de Ya-Hui LIANG (percussions d\u2019Iran et de Chine) (d\u00e9cembre 2013)<\/p>\n\n\n\n<p class=\"has-text-color has-link-color wp-elements-77a09146aacbc54bda4412257785abe0\" style=\"color:#9b2ba2\"><strong><em>La Reine&nbsp;des Neiges<\/em><\/strong>&nbsp;:&nbsp;adaptation musicale (avec J.Olm, voix et guitare, Maria Dika,&nbsp;violoncelliste) cr\u00e9ation marionnettes (2013)<\/p>\n\n\n\n<p class=\"has-blue-color has-text-color has-link-color wp-elements-ed33e34b8e2b80364b2fee7d183b77ea\">FORMATIONS&nbsp;SUIVIES<\/p>\n\n\n\n<p>Depuis 2024 : cours de chant aupr\u00e8s de Marie-Pierre Kerner \u00e0 l&rsquo;\u00e9cole de Musique de Mar\u00e7on<\/p>\n\n\n\n<p class=\"has-text-color has-link-color wp-elements-075fb8419eb384479c8beb1f8933de75\" style=\"color:#5c24af\">2020-2021&nbsp;<strong><em>: cours de chant<\/em><\/strong>&nbsp;<strong><em>avec Emmanuelle Parrenin<\/em><\/strong><\/p>\n\n\n\n<p>2015-2016 : Formation&nbsp;<strong><em>Atelier Celsius<\/em>,<em>&nbsp;CLIO<\/em><\/strong>&nbsp;\u00e0 Vend\u00f4me,&nbsp;<em><strong>avec Martine Tollet&nbsp;et Emmanuelle Parrenin<\/strong><\/em><\/p>\n\n\n\n<p class=\"has-text-color has-link-color wp-elements-27328a313e143265ebac9885d65a8ad3\" style=\"color:#531b7e\">2012-2018 :<em><strong>\u00a0<\/strong>Ateliers Au Bonheur des Contes et stages\u00a0<\/em>avec Ludovic Souliman<\/p>\n\n\n\n<p>2007-2009 :&nbsp;<strong>Ecole Internationale de Th\u00e9\u00e2tre de Jacques Lecoq<\/strong>&nbsp;(Paris)<\/p>\n\n\n\n<p class=\"has-text-color has-link-color wp-elements-e55b32016017e7d9eecfb736ad5726e8\" style=\"color:#672b89\">2004 :&nbsp;<em><strong>Ma\u00eetrise d\u2019Etudes Th\u00e9\u00e2trales<\/strong><\/em>, CAEN, mention Bien<\/p>\n\n\n\n<p>1999-2003 : Cours de Th\u00e9\u00e2tre avec&nbsp;<em><strong>Sylvain&nbsp;Tribouillard<\/strong><\/em>, au Th\u00e9\u00e2tre de l\u2019Arlequin (Cherbourg)<\/p>\n\n\n\n<p class=\"has-blue-color has-text-color has-link-color wp-elements-697bbfa353fc30db948527cbad48919b\">THEATRE<\/p>\n\n\n\n<p>2013-2014 :&nbsp;<em><strong>Sganarelle<\/strong>&nbsp;<\/em>dans&nbsp;<strong><em>Don(a) Juan(e) : le Match<\/em><\/strong>, compagnie Dynamythe, (Festival d\u2019Avignon)<\/p>\n\n\n\n<p class=\"has-text-color has-link-color wp-elements-c8ca2131d765bfc973d190a4e63901a8\" style=\"color:#871f9b\">2011-2013 :<em><strong>\u00a0Vanessa\u00a0<\/strong><\/em>dans <strong><em>Les\u00a0FEV<\/em><\/strong><strong><em>,\u00a0Les Femmes en Voyage<\/em><\/strong>\u00a0au Festival International de Th\u00e9\u00e2tre de rue d\u2019Aurillac<\/p>\n\n\n\n<p>2012 :&nbsp;<em><strong>Lule et la Cr\u00e9ature<\/strong><\/em>&nbsp;dans&nbsp;<strong><em>Arc-en-Noir<\/em><\/strong>&nbsp;de Kassia Aleksic, Paris, Cie Engag\u2019art (sur le Kosovo)<\/p>\n\n\n\n<p class=\"has-text-color has-link-color wp-elements-0e431acd7a2d8d784a32c5361480df8d\" style=\"color:#6b15ae\">2012 :<em>&nbsp;<strong>La Plus&nbsp;Jeune&nbsp;<\/strong><\/em>dans<strong><em>&nbsp;J\u2019Etais dans ma maison<\/em><\/strong><strong>\u2026<\/strong>&nbsp;de J-L Lagarce m.s. Catherine Decastel (Th\u00e9\u00e2tre des D\u00e9chargeurs)<\/p>\n\n\n\n<p class=\"has-blue-color has-white-background-color has-text-color has-background has-link-color wp-elements-b3312c1278b0aa9c2476e8f9386d6a13\">ASSISTANAT A LA MISE EN&nbsp;SCENE<\/p>\n\n\n\n<p>2007 :\u00a0<strong><em>L\u2019Homme\u00a0qui rit<\/em><\/strong>\u00a0de V. Hugo au<em><strong>\u00a0Footsbarn\u00a0Travelling Theatr<\/strong><\/em>e<\/p>\n\n\n\n<p class=\"has-text-color has-link-color wp-elements-37bfe74abf9c2a8a2ec0bab359f3f85b\" style=\"color:#9a1bd0\">2006&nbsp;:<em>&nbsp;<strong>Homo&nbsp;Haerecticus<\/strong><\/em>&nbsp;(<em><strong>Footsbarn Travelling Theatre<\/strong><\/em>)<\/p>\n\n\n\n<p class=\"has-blue-color has-text-color has-link-color wp-elements-9279f7e803c5153da5abc0e56e4f5961\">EXPERIENCES INTERNATIONALES<\/p>\n\n\n\n<p>2012 :&nbsp;<em><strong>No\u00e9mie<\/strong><\/em>&nbsp;dans&nbsp;<strong><em>Who likes&nbsp;Brno ?<\/em><\/strong>&nbsp;<strong>R\u00e9publique Tch\u00e8que<\/strong>, MTS : Jitka Vrbkova,&nbsp;<em><strong>Divadlo&nbsp;Aldente<\/strong><\/em><\/p>\n\n\n\n<p class=\"has-text-color has-link-color wp-elements-102193125188e84ba3bb673a7e545841\" style=\"color:#a23fa8\">2009 : clown dans\u00a0<strong><em>Landscape\u00a0by Request<\/em><\/strong>\u00a0<strong>R\u00e9publique Tch\u00e8que<\/strong>, MTS : Pavel Stourac,\u00a0<em><strong>Divadlo\u00a0Continuo<\/strong><\/em><\/p>\n\n\n\n<p>2006 :<em><strong>\u00a0Workshop\u00a0\/ Commedia dell Arte<\/strong>\u00a0<\/em>\/\u00a0<em>Arlequin, serviteur de deux ma\u00eetres<\/em>\u00a0de Goldoni (<em><strong>Italie<\/strong><\/em>) avec Claudia Contin et Ferruccio Merrisi<\/p>\n\n\n\n<p class=\"has-text-color has-link-color wp-elements-83370cd7771244c6535b0d49a0a84365\" style=\"color:#5f2a88\">2004 : Participation \u00e0 un\u00a0<em><strong>Echange Culturel International de Jeunes<\/strong><\/em>\u00a0\u00e0 Akbou en\u00a0<em><strong>Alg\u00e9rie<\/strong><\/em>, spectacle multinational ( Italie, Espagne, Portugal, France, Liban, Egypte, Alg\u00e9rie, Jordanie)<\/p>\n\n\n\n<p>Envie de partage<\/p>\n\n\n\n<p><\/p>\n","protected":false},"excerpt":{"rendered":"<p>SPECTACLES de CONTES en&nbsp;TOURN\u00c9E : Racont\u00e9e pour adultes et adolescents : Fruits de mer(e) et Grains \u00e0 moudre ( cr\u00e9ation octobre 2024) La Danse de L&rsquo;Invisible ( cr\u00e9ation juin 2022, Les Hautes Forges (72)) Racont\u00e9e pour tous \u00e0 partir de &hellip; <a href=\"https:\/\/www.noemie-sanson.fr\/?page_id=3874\">Continuer la lecture <span class=\"meta-nav\">&rarr;<\/span><\/a><\/p>\n","protected":false},"author":2,"featured_media":0,"parent":3822,"menu_order":0,"comment_status":"closed","ping_status":"closed","template":"","meta":{"footnotes":""},"class_list":["post-3874","page","type-page","status-publish","hentry"],"_links":{"self":[{"href":"https:\/\/www.noemie-sanson.fr\/index.php?rest_route=\/wp\/v2\/pages\/3874","targetHints":{"allow":["GET"]}}],"collection":[{"href":"https:\/\/www.noemie-sanson.fr\/index.php?rest_route=\/wp\/v2\/pages"}],"about":[{"href":"https:\/\/www.noemie-sanson.fr\/index.php?rest_route=\/wp\/v2\/types\/page"}],"author":[{"embeddable":true,"href":"https:\/\/www.noemie-sanson.fr\/index.php?rest_route=\/wp\/v2\/users\/2"}],"replies":[{"embeddable":true,"href":"https:\/\/www.noemie-sanson.fr\/index.php?rest_route=%2Fwp%2Fv2%2Fcomments&post=3874"}],"version-history":[{"count":4,"href":"https:\/\/www.noemie-sanson.fr\/index.php?rest_route=\/wp\/v2\/pages\/3874\/revisions"}],"predecessor-version":[{"id":4168,"href":"https:\/\/www.noemie-sanson.fr\/index.php?rest_route=\/wp\/v2\/pages\/3874\/revisions\/4168"}],"up":[{"embeddable":true,"href":"https:\/\/www.noemie-sanson.fr\/index.php?rest_route=\/wp\/v2\/pages\/3822"}],"wp:attachment":[{"href":"https:\/\/www.noemie-sanson.fr\/index.php?rest_route=%2Fwp%2Fv2%2Fmedia&parent=3874"}],"curies":[{"name":"wp","href":"https:\/\/api.w.org\/{rel}","templated":true}]}}